{"id":482,"date":"2025-08-29T17:43:23","date_gmt":"2025-08-29T15:43:23","guid":{"rendered":"https:\/\/nowastrona.sp130.edu.pl\/?page_id=482"},"modified":"2025-08-31T16:55:52","modified_gmt":"2025-08-31T14:55:52","slug":"o-szkole","status":"publish","type":"page","link":"https:\/\/sp130.edu.pl\/index.php\/szkola\/o-szkole\/","title":{"rendered":"Historia"},"content":{"rendered":"\n<p>Ide\u0105 Szko\u0142y Podstawowej nr 130 jest przygotowanie uczni\u00f3w do samodzielno\u015bci oraz kszta\u0142cenie w\u015br\u00f3d nich \u015bwiadomo\u015bci swych obowi\u0105zk\u00f3w, praw i mo\u017cliwo\u015bci.<\/p>\n\n\n\n<p>Nasza szko\u0142a to ponad 150 lat historii i tradycji. To miejsce szczeg\u00f3lne, w kt\u00f3rym zdobywa\u0142o wiedz\u0119 i uczy\u0142o si\u0119 patriotyzmu kilka pokole\u0144 mieszka\u0144c\u00f3w Wiskitna i okolic.<\/p>\n\n\n\n<p>&nbsp;Histori\u0119 podzielono na kilka okres\u00f3w.<\/p>\n\n\n\n<h2 class=\"wp-block-heading\"><strong><a><\/a>1842- 1938<\/strong><\/h2>\n\n\n\n<p>Szko\u0142a musia\u0142a istnie\u0107 w Wiskitnie od dawna, gdy\u017c w aktach kupna d\u00f3br wiskickich s\u0105 wpisane zastrze\u017cenia obowi\u0105zku dostarczania drzewa opa\u0142owego dla szk\u00f3\u0142 elementarnych w Olechowie i Wiskitnie. Dla Wiskitna decyzja pochodzi z 1842 roku, co wi\u0105\u017ce si\u0119 z dat\u0105 nabycia d\u00f3br przez J\u0119drzeja Siersze\u0144skiego.<\/p>\n\n\n\n<p>Trudno ustali\u0107 miejsce, gdzie ta szko\u0142a si\u0119 znajdowa\u0142a. By\u0107 mo\u017ce mie\u015bci\u0142a si\u0119 ona przy Domu Nauczyciela pod Nr 6 w gospodarstwie nale\u017c\u0105cym do pa\u0144stwa Latkowskich. Pani Julianna Latkowska wesz\u0142a bowiem w sk\u0142ad Komitetu Budowy Szko\u0142y w Wiskitnie, a podpis jej \u015bwiadczy, i\u017c by\u0142a kobiet\u0105 wykszta\u0142con\u0105. W tamtych czasach niewielu mieszka\u0144c\u00f3w wsi, a zw\u0142aszcza kobiet umia\u0142o czyta\u0107 i pisa\u0107. Prawdopodobnie pani Latkowska by\u0142a nauczycielk\u0105 szko\u0142y elementarnej w Wiskitnie.<\/p>\n\n\n\n<p>O budowie szko\u0142y na tzw. Krzewinku dowiadujemy si\u0119 z Akt Gminy Wiskitna, gdzie znajduje si\u0119 protok\u00f3\u0142 zebrania w tej sprawie z dnia 5 maja 1910 r.<\/p>\n\n\n\n<p>Postanowiono wydzieli\u0107 pod zabudow\u0119 z gminnego pastwiska 150 pr\u0119t\u00f3w ziemi (300 pr\u0119t\u00f3w = 1 morga), oraz zebra\u0107 sk\u0142adk\u0119 na budow\u0119 proporcjonaln\u0105 do ilo\u015bci posianej ziemi. Z urz\u0119du otrzymano jednorazow\u0105 sum\u0119 na budow\u0119 w wysoko\u015bci 360 rubli, od w\u0142o\u015bcian zebrano sum\u0119 150 rubli.<\/p>\n\n\n\n<p>Wymiary powsta\u0142ego budynku w przedstawia\u0142y si\u0119 nast\u0119puj\u0105co:<\/p>\n\n\n\n<p>d\u0142ugo\u015b\u0107 \u2013 28 m<br>szeroko\u015b\u0107 \u2013 16 m<br>wysoko\u015b\u0107 \u2013 5 m<\/p>\n\n\n\n<p>Jako cz\u0142onkowie Komitetu Budowy figuruj\u0105 nast\u0119puj\u0105ce osoby z Wiskitna: Juliana Latkowska, Stanis\u0142aw Pikala, Wojciech Bar\u0142oga, Antoni Baranek.<\/p>\n\n\n\n<p>Ostatecznie budow\u0119 szko\u0142y na Krzewniku zako\u0144czono w 1912 roku. Nauka odbywa\u0142a si\u0119 w j\u0119zyku rosyjskim. Pierwszym nauczycielem by\u0142 pan Walens, nast\u0119pnym pan Salski, kt\u00f3ry uczy\u0142 ju\u017c w j\u0119zyku polskim.<\/p>\n\n\n\n<p>Zesp\u00f3\u0142 nauczycielski ci\u0105gle si\u0119 powi\u0119ksza\u0142, coraz wi\u0119cej by\u0142o dzieci, a program szkolny rozwija\u0142 si\u0119 w kierunku jak najszerszego spojrzenia na rzeczywisto\u015b\u0107.<\/p>\n\n\n\n<p>Oko\u0142o roku 1930 cz\u0142onkowie Komitetu budowy Szko\u0142y zaprosili na zebranie szkolne dziedzica Horody\u0144skiego i poprosili go, aby wspom\u00f3g\u0142 finansowo rozbudow\u0119 szko\u0142y.<\/p>\n\n\n\n<p>Dziedzic da\u0142 w\u00f3wczas niewielk\u0105 cz\u0119\u015b\u0107 gruntu, kt\u00f3ry le\u017ca\u0142 klinem wzd\u0142u\u017c szosy prowadz\u0105cej do Tomaszowa, a polami w\u0142o\u015bcia\u0144skimi. Tam postanowiono wybudowa\u0107 nowy budynek szkolny, bibliotek\u0119 oraz ko\u015bci\u00f3\u0142. Do tego czasu wypo\u017cyczono na koszt Horody\u0144skiego niewielki, dwuizbowy domek od Antoniego Zaudra, kt\u00f3rego gospodarstwo by\u0142o w pobli\u017cu szko\u0142y. w czterech klasach razem uczy\u0142y si\u0119 dzieci wiejskie i dworskie (do klasy sz\u00f3stej i si\u00f3dmej dochodzi\u0142y jeszcze dzieci z okolicznych szk\u00f3\u0142 czterodzia\u0142kowych).<\/p>\n\n\n\n<p>W szkole rozpocz\u0119\u0142o si\u0119 \u017cycie spo\u0142eczno \u2013 kulturalne. W okresie mi\u0119dzywojennym najd\u0142u\u017cej pracowa\u0142 w Wiskitnie kierownik Leon Marciniak i jego \u017cona Eugenia W\u0105c\u0142awk\u00f3wna. D\u0142ugoletni\u0105 nauczycielk\u0105 by\u0142a te\u017c pani Helena Kostecka, \u017cona sekretarza gminnego.<\/p>\n\n\n\n<p>Najbardziej zas\u0142u\u017con\u0105 dla dzieci wiskidzkich w okresie lat 30 \u2013 tych by\u0142a pani Zofia Faust\u00f3wna, osoba niezwykle sprawiedliwa i ofiarna, nie tylko uczy\u0142a programem obj\u0119tych przedmiot\u00f3w, ale ca\u0142y sw\u00f3j czas po\u015bwi\u0119ca\u0142a m\u0142odzie\u017cy. Organizowa\u0142a akademia i ich artystyczn\u0105 opraw\u0119, re\u017cyserowa\u0142a inscenizacje, a nawet wi\u0119ksze sztuki teatralne.<\/p>\n\n\n\n<h2 class=\"wp-block-heading\"><strong><a><\/a>1938 \u2013 1970<\/strong>&nbsp;<\/h2>\n\n\n<div class=\"wp-block-image\">\n<figure class=\"aligncenter\"><img decoding=\"async\" src=\"http:\/\/sp130.edu.pl\/wp-content\/uploads\/2021\/10\/Jan-Gibus.png\" alt=\"\" class=\"wp-image-11000\"\/><\/figure>\n<\/div>\n\n\n<p>W 1938 roku wybudowano nowy budynek szkolny na placu podarowanym przez dziedzica Horody\u0144skiego. Ze wzgl\u0119du na dawne tradycje legionowe, szko\u0142a otrzyma\u0142a imi\u0119 \u201eMarsza\u0142ka Pi\u0142sudskiego\u201d. nied\u0142ugo jednak ludno\u015b\u0107 Wiskitna cieszy\u0142a si\u0119 now\u0105 szko\u0142\u0105.<\/p>\n\n\n\n<p>W nast\u0119pnym roku rozpocz\u0119\u0142a si\u0119 II wojna \u015bwiatowa. Popiersie Marsza\u0142ka Pi\u0142sudskiego wystawione tu\u017c przez wojn\u0105 zniszczy\u0142 Hitlerowski okupant, a szko\u0142\u0119 przeznaczy\u0142 na \u201enur fhr Deutsche\u201d (tylko dla Niemc\u00f3w).<\/p>\n\n\n\n<p>Po II wojnie \u015bwiatowej podczas porz\u0105dkowania szko\u0142y znaleziono szcz\u0105tki dawnego sztandaru z wizerunkiem \u015bw. Stanis\u0142awa Kostki i or\u0142em w koronie. Sztandar ten zrekonstruowano i dzi\u015b znajduje si\u0119 w honorowym miejscu na parterze szko\u0142y.<\/p>\n\n\n\n<p>Po wojnie warunki pracy by\u0142y trudne. budynek szkolny by\u0142 zaniedbany, dach przecieka\u0142, \u015bciany by\u0142y zniszczone, brakowa\u0142o szyb w oknach, \u0142awek i innego sprz\u0119tu szkolnego, podr\u0119cznik\u00f3w. Nie by\u0142o \u015bwiat\u0142a, wodoci\u0105gu, sklepu, autobusu.<\/p>\n\n\n\n<p>W 1946 roku kierownikiem szko\u0142y zosta\u0142 Jan Gibus. Pracowa\u0142 na tym stanowisku do przej\u015bcia na emerytur\u0119 (31.08.1973). Zainicjowa\u0142 i zorganizowa\u0142 on wiele prac spo\u0142ecznych, kt\u00f3re przyczyni\u0142y si\u0119 do szybkiego rozwoju szko\u0142y. Ju\u017c w 1946 roku zagospodarowano budynek i plac szkolny, otynkowano i odmalowano szko\u0142\u0119, zakupiono brakuj\u0105ce meble, urz\u0105dzono sal\u0119 gimnastyczn\u0105. W wakacje organizowano tzw. \u201eprzyspieszone klasy\u201d. W 1948 roku na wniosek J. Gibusa zorganizowano przy szkole boisko sportowe i skoczni\u0119 w dal, boisko do pi\u0142ki no\u017cnej i koszyk\u00f3wki. Boisko obsadzono topolami (100 sztuk). w 1949 roku nast\u0105pi\u0142a elektryfikacja szko\u0142y oraz zakupiono aparat radiowy.<\/p>\n\n\n\n<p>Wkr\u00f3tce rozpocz\u0119to przebudow\u0119 szko\u0142y. Urz\u0105dzono szatni\u0119, kuchni\u0119, jadalni\u0119, umywalni\u0119, krany z bie\u017c\u0105c\u0105 wod\u0105, kot\u0142owni\u0119 i pomieszczenie na w\u0119giel. Wybudowano te\u017c dodatkowe schody. O\u015bwietlono te\u017c drugie pi\u0119tro przez wybudowanie okien w dachu. Teren szko\u0142y ogrodzono siatk\u0105, a budynek od frontu ozdobiono sadz\u0105c klomby, tuje, topole w\u0142oskie, r\u00f3\u017ce i bratki. Przy szkole zbudowano r\u00f3wnie\u017c studni\u0119 g\u0142\u0119binow\u0105 o w\u0142asnym odwiercie i nap\u0119dzie elektrycznym. Pod\u0142\u0105czono wod\u0119 do szko\u0142y i pomieszcze\u0144 nauczycieli.<\/p>\n\n\n\n<p>W latach 60 \u2013 tych przebudowano 2 pi\u0119tro w szkole. Utworzono korytarz audiowizualny oraz sal\u0119 audiowizualn\u0105 z pomieszczeniem na aparat filmowy, telewizor, radio, zegar elektronowy, magnetofon szpulowy \u201eTesla\u201d, rzutnik, epidiaskop.<\/p>\n\n\n\n<p>M\u0142odzie\u017c szkolna ogl\u0105da\u0142a filmy naukowo \u2013 o\u015bwiatowe i fabularne. Po zebraniach rodzice tak\u017ce mogli obejrze\u0107 ciekawy film fabularny lub o tre\u015bci wychowawczej.<\/p>\n\n\n\n<p>W szkole odbywa\u0142o si\u0119 r\u00f3wnie\u017c do\u017cywianie dzieci. J. Gibus bardzo dba\u0142 o wszechstronny rozw\u00f3j szko\u0142y. W szkole za\u0142o\u017cono zesp\u00f3\u0142 muzyczny \u2013 prowadzi\u0142 go pan Bogdanowicz, Szkolne Ko\u0142o Sportowe \u2013 opiekunem by\u0142 pan K. Kwiatosi\u0144ski. Organizowano wycieczki szkolne do \u0141odzi i Warszawy oraz dalej, nad morze lub w g\u00f3ry.<\/p>\n\n\n\n<p>W szkole organizowano tak\u017ce dokszta\u0142canie nauczycieli, kt\u00f3re prowadzi\u0142y: Maria Kapek, Zofia Kacprzak, El\u017cbieta Murawa, Barbara Mas\u0142owska. Odbywa\u0142y si\u0119 r\u00f3wnie\u017c lekcje otwarte dla rodzic\u00f3w o raz wieczorki rodzicielskie i zabawy.<\/p>\n\n\n\n<p>Szko\u0142a dzi\u0119ki J. Gibusowi i gronu nauczycielskiemu nale\u017ca\u0142a do przoduj\u0105cych w powiecie \u0142\u00f3dzkim.<\/p>\n\n\n\n<h2 class=\"wp-block-heading\"><strong><a><\/a>1970 \u2013 2002<\/strong><\/h2>\n\n\n\n<p>W latach 70 \u2013 tych szko\u0142a w Wiskitnie sta\u0142a si\u0119 Zbiorcz\u0105 Szko\u0142\u0105 dla Gminy Br\u00f3jce. D\u0142ugoletnim Inspektorem tej szko\u0142y zosta\u0142 J\u00f3zef Lisowski, a jego zast\u0119pc\u0105 Roman Drynkowski.<br>W latach 80 \u2013 tych dyrektorem szko\u0142y w Wiskitnie by\u0142a El\u017cbieta Murawa, a w 90 \u2013 tych Zofia Kacprzak.<br>W 1991 roku Wiskitno w\u0142\u0105czono w teren administrowany przez gmin\u0119 \u0141\u00f3d\u017a, a szkole nadano numer 130.<br>W latach 1998 \u2013 2002 dyrektorem szko\u0142y by\u0142 Jacek Barasi\u0144ski.<\/p>\n\n\n\n<h2 class=\"wp-block-heading\"><strong><a><\/a>2003 \u2013 2024<\/strong><\/h2>\n\n\n\n<p>Dyrektorem szko\u0142y by\u0142a Aleksandra Sawicka \u2013 Kowalczyk.<br>W roku szkolnym 2005\/2006 podj\u0119li\u015bmy starania o nadanie szkole imienia dawnego patrona Marsza\u0142ka J\u00f3zefa Pi\u0142sudskiego. Nast\u0105pi\u0142o to 28 grudnia 2005 roku na mocy uchwa\u0142y Rady Miejskiej.<\/p>\n\n\n\n<p><strong>7 listopada 2006<\/strong> &#8211; <strong>Szko\u0142a \u015bwi\u0119towa\u0142a nadanie imienia, wraz z przyby\u0142ymi go\u015b\u0107mi.<\/strong><\/p>\n\n\n\n<figure class=\"wp-block-gallery has-nested-images columns-default is-cropped wp-block-gallery-1 is-layout-flex wp-block-gallery-is-layout-flex\">\n<figure class=\"wp-block-image size-large\"><img loading=\"lazy\" decoding=\"async\" width=\"794\" height=\"586\" data-id=\"606\" src=\"https:\/\/nowastrona.sp130.edu.pl\/wp-content\/uploads\/2025\/08\/Zrzut-ekranu-2025-08-31-o-14.59.27.png\" alt=\"\" class=\"wp-image-606\" srcset=\"https:\/\/sp130.edu.pl\/wp-content\/uploads\/2025\/08\/Zrzut-ekranu-2025-08-31-o-14.59.27.png 794w, https:\/\/sp130.edu.pl\/wp-content\/uploads\/2025\/08\/Zrzut-ekranu-2025-08-31-o-14.59.27-300x221.png 300w, https:\/\/sp130.edu.pl\/wp-content\/uploads\/2025\/08\/Zrzut-ekranu-2025-08-31-o-14.59.27-768x567.png 768w\" sizes=\"auto, (max-width: 794px) 100vw, 794px\" \/><\/figure>\n\n\n\n<figure class=\"wp-block-image size-large\"><img loading=\"lazy\" decoding=\"async\" width=\"794\" height=\"586\" data-id=\"604\" src=\"https:\/\/nowastrona.sp130.edu.pl\/wp-content\/uploads\/2025\/08\/Zrzut-ekranu-2025-08-31-o-14.59.34.png\" alt=\"\" class=\"wp-image-604\" srcset=\"https:\/\/sp130.edu.pl\/wp-content\/uploads\/2025\/08\/Zrzut-ekranu-2025-08-31-o-14.59.34.png 794w, https:\/\/sp130.edu.pl\/wp-content\/uploads\/2025\/08\/Zrzut-ekranu-2025-08-31-o-14.59.34-300x221.png 300w, https:\/\/sp130.edu.pl\/wp-content\/uploads\/2025\/08\/Zrzut-ekranu-2025-08-31-o-14.59.34-768x567.png 768w\" sizes=\"auto, (max-width: 794px) 100vw, 794px\" \/><\/figure>\n\n\n\n<figure class=\"wp-block-image size-large\"><img loading=\"lazy\" decoding=\"async\" width=\"790\" height=\"544\" data-id=\"605\" src=\"https:\/\/nowastrona.sp130.edu.pl\/wp-content\/uploads\/2025\/08\/Zrzut-ekranu-2025-08-31-o-14.59.45.png\" alt=\"\" class=\"wp-image-605\" srcset=\"https:\/\/sp130.edu.pl\/wp-content\/uploads\/2025\/08\/Zrzut-ekranu-2025-08-31-o-14.59.45.png 790w, https:\/\/sp130.edu.pl\/wp-content\/uploads\/2025\/08\/Zrzut-ekranu-2025-08-31-o-14.59.45-300x207.png 300w, https:\/\/sp130.edu.pl\/wp-content\/uploads\/2025\/08\/Zrzut-ekranu-2025-08-31-o-14.59.45-768x529.png 768w\" sizes=\"auto, (max-width: 790px) 100vw, 790px\" \/><\/figure>\n\n\n\n<figure class=\"wp-block-image size-large\"><img loading=\"lazy\" decoding=\"async\" width=\"744\" height=\"514\" data-id=\"603\" src=\"https:\/\/nowastrona.sp130.edu.pl\/wp-content\/uploads\/2025\/08\/Zrzut-ekranu-2025-08-31-o-14.59.54.png\" alt=\"\" class=\"wp-image-603\" srcset=\"https:\/\/sp130.edu.pl\/wp-content\/uploads\/2025\/08\/Zrzut-ekranu-2025-08-31-o-14.59.54.png 744w, https:\/\/sp130.edu.pl\/wp-content\/uploads\/2025\/08\/Zrzut-ekranu-2025-08-31-o-14.59.54-300x207.png 300w\" sizes=\"auto, (max-width: 744px) 100vw, 744px\" \/><\/figure>\n\n\n\n<figure class=\"wp-block-image size-large\"><img loading=\"lazy\" decoding=\"async\" width=\"800\" height=\"530\" data-id=\"601\" src=\"https:\/\/nowastrona.sp130.edu.pl\/wp-content\/uploads\/2025\/08\/Zrzut-ekranu-2025-08-31-o-15.00.03.png\" alt=\"\" class=\"wp-image-601\" srcset=\"https:\/\/sp130.edu.pl\/wp-content\/uploads\/2025\/08\/Zrzut-ekranu-2025-08-31-o-15.00.03.png 800w, https:\/\/sp130.edu.pl\/wp-content\/uploads\/2025\/08\/Zrzut-ekranu-2025-08-31-o-15.00.03-300x199.png 300w, https:\/\/sp130.edu.pl\/wp-content\/uploads\/2025\/08\/Zrzut-ekranu-2025-08-31-o-15.00.03-768x509.png 768w\" sizes=\"auto, (max-width: 800px) 100vw, 800px\" \/><\/figure>\n\n\n\n<figure class=\"wp-block-image size-large\"><img loading=\"lazy\" decoding=\"async\" width=\"754\" height=\"508\" data-id=\"602\" src=\"https:\/\/nowastrona.sp130.edu.pl\/wp-content\/uploads\/2025\/08\/Zrzut-ekranu-2025-08-31-o-15.00.11.png\" alt=\"\" class=\"wp-image-602\" srcset=\"https:\/\/sp130.edu.pl\/wp-content\/uploads\/2025\/08\/Zrzut-ekranu-2025-08-31-o-15.00.11.png 754w, https:\/\/sp130.edu.pl\/wp-content\/uploads\/2025\/08\/Zrzut-ekranu-2025-08-31-o-15.00.11-300x202.png 300w\" sizes=\"auto, (max-width: 754px) 100vw, 754px\" \/><\/figure>\n<\/figure>\n\n\n\n<h3 class=\"wp-block-heading\"><strong>70 lecie istnienia szko\u0142y<\/strong><\/h3>\n\n\n<div class=\"wp-block-image\">\n<figure class=\"aligncenter\"><img decoding=\"async\" src=\"http:\/\/sp130.edu.pl\/wp-content\/uploads\/2021\/10\/70-lecie.png\" alt=\"\" class=\"wp-image-10985\"\/><\/figure>\n<\/div>\n\n\n<h3 class=\"wp-block-heading\"><strong>80 lecie istnienia szko\u0142y<\/strong><\/h3>\n\n\n\n<p>Szko\u0142a Podstawowa nr 130 w \u0141odzi imienia Marsza\u0142ka J\u00f3zefa Pi\u0142sudskiego \u015bwi\u0119towa\u0142a w czwartek (22 listopada 2018 roku) swoje 80-lecie. Spo\u0142eczno\u015b\u0107 szko\u0142y po\u0142\u0105czy\u0142a urodziny szko\u0142y z uroczysto\u015bci\u0105 z okazji 100-lecia odzyskania przez Polsk\u0119 niepodleg\u0142o\u015bci.<\/p>\n\n\n\n<figure class=\"wp-block-gallery has-nested-images columns-default is-cropped wp-block-gallery-2 is-layout-flex wp-block-gallery-is-layout-flex\">\n<figure class=\"wp-block-image size-large\"><img loading=\"lazy\" decoding=\"async\" width=\"682\" height=\"508\" data-id=\"608\" src=\"https:\/\/nowastrona.sp130.edu.pl\/wp-content\/uploads\/2025\/08\/Zrzut-ekranu-2025-08-31-o-15.00.27.png\" alt=\"\" class=\"wp-image-608\" srcset=\"https:\/\/sp130.edu.pl\/wp-content\/uploads\/2025\/08\/Zrzut-ekranu-2025-08-31-o-15.00.27.png 682w, https:\/\/sp130.edu.pl\/wp-content\/uploads\/2025\/08\/Zrzut-ekranu-2025-08-31-o-15.00.27-300x223.png 300w\" sizes=\"auto, (max-width: 682px) 100vw, 682px\" \/><\/figure>\n\n\n\n<figure class=\"wp-block-image size-large\"><img loading=\"lazy\" decoding=\"async\" width=\"654\" height=\"486\" data-id=\"607\" src=\"https:\/\/nowastrona.sp130.edu.pl\/wp-content\/uploads\/2025\/08\/Zrzut-ekranu-2025-08-31-o-15.00.34.png\" alt=\"\" class=\"wp-image-607\" srcset=\"https:\/\/sp130.edu.pl\/wp-content\/uploads\/2025\/08\/Zrzut-ekranu-2025-08-31-o-15.00.34.png 654w, https:\/\/sp130.edu.pl\/wp-content\/uploads\/2025\/08\/Zrzut-ekranu-2025-08-31-o-15.00.34-300x223.png 300w\" sizes=\"auto, (max-width: 654px) 100vw, 654px\" \/><\/figure>\n\n\n\n<figure class=\"wp-block-image size-large\"><img loading=\"lazy\" decoding=\"async\" width=\"690\" height=\"466\" data-id=\"613\" src=\"https:\/\/nowastrona.sp130.edu.pl\/wp-content\/uploads\/2025\/08\/Zrzut-ekranu-2025-08-31-o-15.00.42.png\" alt=\"\" class=\"wp-image-613\" srcset=\"https:\/\/sp130.edu.pl\/wp-content\/uploads\/2025\/08\/Zrzut-ekranu-2025-08-31-o-15.00.42.png 690w, https:\/\/sp130.edu.pl\/wp-content\/uploads\/2025\/08\/Zrzut-ekranu-2025-08-31-o-15.00.42-300x203.png 300w\" sizes=\"auto, (max-width: 690px) 100vw, 690px\" \/><\/figure>\n\n\n\n<figure class=\"wp-block-image size-large\"><img loading=\"lazy\" decoding=\"async\" width=\"678\" height=\"448\" data-id=\"614\" src=\"https:\/\/nowastrona.sp130.edu.pl\/wp-content\/uploads\/2025\/08\/Zrzut-ekranu-2025-08-31-o-15.00.49.png\" alt=\"\" class=\"wp-image-614\" srcset=\"https:\/\/sp130.edu.pl\/wp-content\/uploads\/2025\/08\/Zrzut-ekranu-2025-08-31-o-15.00.49.png 678w, https:\/\/sp130.edu.pl\/wp-content\/uploads\/2025\/08\/Zrzut-ekranu-2025-08-31-o-15.00.49-300x198.png 300w\" sizes=\"auto, (max-width: 678px) 100vw, 678px\" \/><\/figure>\n\n\n\n<figure class=\"wp-block-image size-large\"><img loading=\"lazy\" decoding=\"async\" width=\"692\" height=\"454\" data-id=\"611\" src=\"https:\/\/nowastrona.sp130.edu.pl\/wp-content\/uploads\/2025\/08\/Zrzut-ekranu-2025-08-31-o-15.01.00.png\" alt=\"\" class=\"wp-image-611\" srcset=\"https:\/\/sp130.edu.pl\/wp-content\/uploads\/2025\/08\/Zrzut-ekranu-2025-08-31-o-15.01.00.png 692w, https:\/\/sp130.edu.pl\/wp-content\/uploads\/2025\/08\/Zrzut-ekranu-2025-08-31-o-15.01.00-300x197.png 300w\" sizes=\"auto, (max-width: 692px) 100vw, 692px\" \/><\/figure>\n\n\n\n<figure class=\"wp-block-image size-large\"><img loading=\"lazy\" decoding=\"async\" width=\"662\" height=\"446\" data-id=\"610\" src=\"https:\/\/nowastrona.sp130.edu.pl\/wp-content\/uploads\/2025\/08\/Zrzut-ekranu-2025-08-31-o-15.01.08.png\" alt=\"\" class=\"wp-image-610\" srcset=\"https:\/\/sp130.edu.pl\/wp-content\/uploads\/2025\/08\/Zrzut-ekranu-2025-08-31-o-15.01.08.png 662w, https:\/\/sp130.edu.pl\/wp-content\/uploads\/2025\/08\/Zrzut-ekranu-2025-08-31-o-15.01.08-300x202.png 300w\" sizes=\"auto, (max-width: 662px) 100vw, 662px\" \/><\/figure>\n\n\n\n<figure class=\"wp-block-image size-large\"><img loading=\"lazy\" decoding=\"async\" width=\"684\" height=\"454\" data-id=\"615\" src=\"https:\/\/nowastrona.sp130.edu.pl\/wp-content\/uploads\/2025\/08\/Zrzut-ekranu-2025-08-31-o-15.01.20.png\" alt=\"\" class=\"wp-image-615\" srcset=\"https:\/\/sp130.edu.pl\/wp-content\/uploads\/2025\/08\/Zrzut-ekranu-2025-08-31-o-15.01.20.png 684w, https:\/\/sp130.edu.pl\/wp-content\/uploads\/2025\/08\/Zrzut-ekranu-2025-08-31-o-15.01.20-300x199.png 300w\" sizes=\"auto, (max-width: 684px) 100vw, 684px\" \/><\/figure>\n\n\n\n<figure class=\"wp-block-image size-large\"><img loading=\"lazy\" decoding=\"async\" width=\"684\" height=\"454\" data-id=\"617\" src=\"https:\/\/nowastrona.sp130.edu.pl\/wp-content\/uploads\/2025\/08\/Zrzut-ekranu-2025-08-31-o-15.01.26.png\" alt=\"\" class=\"wp-image-617\" srcset=\"https:\/\/sp130.edu.pl\/wp-content\/uploads\/2025\/08\/Zrzut-ekranu-2025-08-31-o-15.01.26.png 684w, https:\/\/sp130.edu.pl\/wp-content\/uploads\/2025\/08\/Zrzut-ekranu-2025-08-31-o-15.01.26-300x199.png 300w\" sizes=\"auto, (max-width: 684px) 100vw, 684px\" \/><\/figure>\n\n\n\n<figure class=\"wp-block-image size-large\"><img loading=\"lazy\" decoding=\"async\" width=\"672\" height=\"446\" data-id=\"612\" src=\"https:\/\/nowastrona.sp130.edu.pl\/wp-content\/uploads\/2025\/08\/Zrzut-ekranu-2025-08-31-o-15.01.34.png\" alt=\"\" class=\"wp-image-612\" srcset=\"https:\/\/sp130.edu.pl\/wp-content\/uploads\/2025\/08\/Zrzut-ekranu-2025-08-31-o-15.01.34.png 672w, https:\/\/sp130.edu.pl\/wp-content\/uploads\/2025\/08\/Zrzut-ekranu-2025-08-31-o-15.01.34-300x199.png 300w\" sizes=\"auto, (max-width: 672px) 100vw, 672px\" \/><\/figure>\n\n\n\n<figure class=\"wp-block-image size-large\"><img loading=\"lazy\" decoding=\"async\" width=\"690\" height=\"456\" data-id=\"618\" src=\"https:\/\/nowastrona.sp130.edu.pl\/wp-content\/uploads\/2025\/08\/Zrzut-ekranu-2025-08-31-o-15.01.43.png\" alt=\"\" class=\"wp-image-618\" srcset=\"https:\/\/sp130.edu.pl\/wp-content\/uploads\/2025\/08\/Zrzut-ekranu-2025-08-31-o-15.01.43.png 690w, https:\/\/sp130.edu.pl\/wp-content\/uploads\/2025\/08\/Zrzut-ekranu-2025-08-31-o-15.01.43-300x198.png 300w\" sizes=\"auto, (max-width: 690px) 100vw, 690px\" \/><\/figure>\n\n\n\n<figure class=\"wp-block-image size-large\"><img loading=\"lazy\" decoding=\"async\" width=\"660\" height=\"442\" data-id=\"609\" src=\"https:\/\/nowastrona.sp130.edu.pl\/wp-content\/uploads\/2025\/08\/Zrzut-ekranu-2025-08-31-o-15.01.53.png\" alt=\"\" class=\"wp-image-609\" srcset=\"https:\/\/sp130.edu.pl\/wp-content\/uploads\/2025\/08\/Zrzut-ekranu-2025-08-31-o-15.01.53.png 660w, https:\/\/sp130.edu.pl\/wp-content\/uploads\/2025\/08\/Zrzut-ekranu-2025-08-31-o-15.01.53-300x201.png 300w\" sizes=\"auto, (max-width: 660px) 100vw, 660px\" \/><\/figure>\n\n\n\n<figure class=\"wp-block-image size-large\"><img loading=\"lazy\" decoding=\"async\" width=\"708\" height=\"472\" data-id=\"616\" src=\"https:\/\/nowastrona.sp130.edu.pl\/wp-content\/uploads\/2025\/08\/Zrzut-ekranu-2025-08-31-o-15.02.00.png\" alt=\"\" class=\"wp-image-616\" srcset=\"https:\/\/sp130.edu.pl\/wp-content\/uploads\/2025\/08\/Zrzut-ekranu-2025-08-31-o-15.02.00.png 708w, https:\/\/sp130.edu.pl\/wp-content\/uploads\/2025\/08\/Zrzut-ekranu-2025-08-31-o-15.02.00-300x200.png 300w\" sizes=\"auto, (max-width: 708px) 100vw, 708px\" \/><\/figure>\n<\/figure>\n\n\n\n<h2 class=\"wp-block-heading\">2024 &#8211; &#8230;<\/h2>\n\n\n\n<p>Obecnym dyrektorem szko\u0142y jest Angelika \u015awitaj &#8211; Lato.<\/p>\n\n\n\n<p><\/p>\n","protected":false},"excerpt":{"rendered":"<p>Ide\u0105 Szko\u0142y Podstawowej nr 130 jest przygotowanie uczni\u00f3w do samodzielno\u015bci oraz kszta\u0142cenie w\u015br\u00f3d nich \u015bwiadomo\u015bci swych obowi\u0105zk\u00f3w, praw i mo\u017cliwo\u015bci. Nasza szko\u0142a to ponad 150 lat historii i tradycji. To miejsce szczeg\u00f3lne, w kt\u00f3rym zdobywa\u0142o wiedz\u0119 i uczy\u0142o si\u0119 patriotyzmu kilka pokole\u0144 mieszka\u0144c\u00f3w Wiskitna i okolic. &nbsp;Histori\u0119 podzielono na kilka okres\u00f3w. 1842- 1938 Szko\u0142a musia\u0142a [&hellip;]<\/p>\n","protected":false},"author":1,"featured_media":662,"parent":324,"menu_order":3,"comment_status":"closed","ping_status":"closed","template":"","meta":{"footnotes":""},"class_list":["post-482","page","type-page","status-publish","has-post-thumbnail","hentry"],"_links":{"self":[{"href":"https:\/\/sp130.edu.pl\/index.php\/wp-json\/wp\/v2\/pages\/482","targetHints":{"allow":["GET"]}}],"collection":[{"href":"https:\/\/sp130.edu.pl\/index.php\/wp-json\/wp\/v2\/pages"}],"about":[{"href":"https:\/\/sp130.edu.pl\/index.php\/wp-json\/wp\/v2\/types\/page"}],"author":[{"embeddable":true,"href":"https:\/\/sp130.edu.pl\/index.php\/wp-json\/wp\/v2\/users\/1"}],"replies":[{"embeddable":true,"href":"https:\/\/sp130.edu.pl\/index.php\/wp-json\/wp\/v2\/comments?post=482"}],"version-history":[{"count":6,"href":"https:\/\/sp130.edu.pl\/index.php\/wp-json\/wp\/v2\/pages\/482\/revisions"}],"predecessor-version":[{"id":619,"href":"https:\/\/sp130.edu.pl\/index.php\/wp-json\/wp\/v2\/pages\/482\/revisions\/619"}],"up":[{"embeddable":true,"href":"https:\/\/sp130.edu.pl\/index.php\/wp-json\/wp\/v2\/pages\/324"}],"wp:featuredmedia":[{"embeddable":true,"href":"https:\/\/sp130.edu.pl\/index.php\/wp-json\/wp\/v2\/media\/662"}],"wp:attachment":[{"href":"https:\/\/sp130.edu.pl\/index.php\/wp-json\/wp\/v2\/media?parent=482"}],"curies":[{"name":"wp","href":"https:\/\/api.w.org\/{rel}","templated":true}]}}